{"id":613,"date":"2021-06-29T07:17:00","date_gmt":"2021-06-29T07:17:00","guid":{"rendered":"https:\/\/prowproject.eu\/outputs\/"},"modified":"2024-04-08T12:28:42","modified_gmt":"2024-04-08T12:28:42","slug":"outputs","status":"publish","type":"page","link":"https:\/\/prowproject.eu\/ro\/outputs\/","title":{"rendered":"Rezultate"},"content":{"rendered":"<h1>Rezultate<\/h1>\n<ul>\n<li>\n<h3>Pachetul de lucru 1<\/h3>\n<div>\n<div class=\"bg-panel uk-position-relative\">\n<div class=\"ill-out\"><\/div>\n<div class=\"t-up\"><\/div>\n<div class=\"t-down\"><\/div>\n<h5>Evaluarea nevoilor<\/h5>\n<p>Consor\u021biul a \u00eentreprins o analiz\u0103 de ultim\u0103 or\u0103 a literaturii \u0219i a nevoilor din patru \u021b\u0103ri (Grecia, Cipru, Rom\u00e2nia \u0219i Portugalia) pentru a identifica \u0219i evalua provoc\u0103rile actuale privind cariera profesorilor, dezvoltarea profesional\u0103 \u0219i bun\u0103starea acestora.<\/p>\n<\/div>\n<div class=\"buttons-outputs uk-margin-top\"><a href=\"https:\/\/prowproject.eu\/wp-content\/uploads\/2024\/03\/ProW_D1.1-State-of-the-art_Summary_RO.pdf\" target=\"_blank\" class=\"uk-button uk-button-primary\" rel=\"noopener\">Revizuirea literaturii<\/a> <a href=\"https:\/\/prowproject.eu\/wp-content\/uploads\/2024\/03\/summary_dissemination_D1_2_needs-assessment_final-RO.pdf\" target=\"_blank\" class=\"uk-button uk-button-primary\" rel=\"noopener\">Nevoile actuale<\/a><\/div>\n<\/div>\n<\/li>\n<li>\n<h3>Pachetul de lucru 2<\/h3>\n<div>\n<div class=\"bg-panel uk-position-relative\">\n<div class=\"ill-out\"><\/div>\n<div class=\"t-up\"><\/div>\n<div class=\"t-down\"><\/div>\n<h5>Protocolul experimental<\/h5>\n<p>Partenerii de implementare vor stabili un cadru cuprinz\u0103tor pentru implementarea metodologiilor \u0219i abord\u0103rilor Psihologiei Pozitive \u0219i SWPBS \u00een educa\u021bia timpurie. Mai mult, ei vor forma o echip\u0103 de traineri externi \u00een fiecare \u021bar\u0103 care va dezvolta \u0219i va oferi formare \u0219i dezvoltare profesional\u0103 profesorilor.<\/p>\n<\/div>\n<div class=\"buttons-outputs uk-margin-top\">\n<a href=\"https:\/\/prowproject.eu\/wp-content\/uploads\/2024\/03\/Summary_D2_1_RO.pdf\" target=\"_blank\" class=\"uk-button uk-button-primary\">Design de interven\u021bie<\/a><br \/>\n<a href=\"https:\/\/prowproject.eu\/wp-content\/uploads\/2024\/03\/Summary-D2_2_RO.pdf\" target=\"_blank\" class=\"uk-button uk-button-primary\">Proiectarea cercet\u0103rii \u0219i m\u0103suri<\/a><br \/>\n    <a href=\"https:\/\/prowproject.eu\/wp-content\/uploads\/2024\/03\/Summary-2.3_-Romania.pdf\" target=\"_blank\" class=\"uk-button uk-button-primary\">Raport Pilot<\/a>\n<\/div>\n<\/div>\n<\/li>\n<li>\n<h3>Pachetul de lucru 3<\/h3>\n<div>\n<div class=\"bg-panel uk-position-relative\">\n<div class=\"ill-out\"><\/div>\n<div class=\"t-up\"><\/div>\n<div class=\"t-down\"><\/div>\n<h5>Implementarea \u00een unit\u0103\u021bile de \u00eenv\u0103\u021b\u0103m\u00e2nt<\/h5>\n<p>Proiectul ProW efectueaz\u0103 cercet\u0103ri de teren \u00een cel pu\u021bin 15 \u0219coli din \u021b\u0103rile partenere. Profesorii se bucur\u0103 de formare continu\u0103 \u0219i coaching pe toat\u0103 durata implement\u0103rii proiectuluii. Echipa de cercetare a proiectului va analiza datele ob\u021binute din cercet\u0103rile de teren \u0219i va evalua eficacitatea interven\u021biei.<\/p>\n<\/div>\n<div class=\"buttons-outputs uk-margin-top\">\n<a href=\"https:\/\/prowproject.eu\/wp-content\/uploads\/2024\/03\/D3.1.-Executive-Summary-Implementation-of-the-fiels-of-trials.RO_.pdf\" target=\"_blank\" class=\"uk-button uk-button-primary\">Raport de Implementare<\/a><br \/>\n    <a href=\"https:\/\/prowproject.eu\/wp-content\/uploads\/2024\/03\/D3.2.-Executive-summary_RO.pdf\" target=\"_blank\" class=\"uk-button uk-button-primary\">Raport cu privire la constat\u0103ri<\/a>\n<\/div>\n<\/div>\n<\/li>\n<li>\n<h3>Pachetul de lucru 4<\/h3>\n<div>\n<div class=\"bg-panel uk-position-relative\">\n<div class=\"ill-out\"><\/div>\n<div class=\"t-up\"><\/div>\n<div class=\"t-down\"><\/div>\n<h5>Platform\u0103 digital\u0103 \u0219i eLearning<\/h5>\n<p>Platforma digital\u0103 conecteaz\u0103 trainerii externi cu echipele \u0219colare, dar \u0219i cu colegii din cele patru \u021b\u0103ri. Platforma ofer\u0103 module online pentru dezvoltarea profesional\u0103 a cadrelor didactice, precum \u0219i resurse de \u00eenv\u0103\u021bare variate.<\/p>\n<\/div>\n<div class=\"buttons-outputs uk-margin-top\">\n<a class=\"uk-button uk-button-primary\" href=\"https:\/\/elearning.prowproject.eu\/home.php\" target=\"_blank\">Platforma de elearning<\/a><\/p>\n<\/div>\n<\/div>\n<\/li>\n<li>\n<h3>Pachetul de lucru 5<\/h3>\n<div>\n<div class=\"bg-panel uk-position-relative\">\n<div class=\"ill-out\"><\/div>\n<div class=\"t-up\"><\/div>\n<div class=\"t-down\"><\/div>\n<h5>\u00cenv\u0103\u021bare mobil\u0103<\/h5>\n<p>\n    Aplica\u021bia ProW Mobile Learning este un instrument educa\u021bional pentru \u0219coli pentru a promova \u00eenv\u0103\u021barea continu\u0103 \u0219i a sprijini ideile \u0219i principiile proiectului, disponibil\u0103 pentru platformele mobile (Android \u0219i iOS). Sunt incluse sfaturi practice \u0219i recomand\u0103ri pentru implementarea abord\u0103rii ProW. Aplica\u021bia mobil\u0103 urm\u0103re\u0219te s\u0103 familiarizeze personalul \u0219colii cu PERMA \u0219i SWPBS pentru implementarea cu fidelitate a cadrului ProW.\n    <\/p>\n<\/div>\n<div class=\"buttons-outputs uk-margin-top\">\n<a class=\"uk-button uk-button-primary\" href=\"https:\/\/play.google.com\/store\/apps\/details?id=com.prowproject.app2409692\" target=\"_blank\">Android<\/a><br \/>\n    <a class=\"uk-button uk-button-primary\" href=\"https:\/\/apps.apple.com\/app\/prow\/id1662880307\" target=\"_blank\">IOs<\/a>\n<\/div>\n<\/div>\n<\/li>\n<li>\n<h3>Pachetul de lucru 6<\/h3>\n<div>\n<div class=\"bg-panel uk-position-relative\">\n<div class=\"ill-out\"><\/div>\n<div class=\"t-up\"><\/div>\n<div class=\"t-down\"><\/div>\n<h5>Ateliere de diseminare<\/h5>\n<p>Atelierele de diseminare au prezentat p\u0103r\u021bilor interesate scopul \u0219i obiectivele proiectului, iar participan\u021bii s-au implicat \u00een diverse activit\u0103\u021bi educa\u021bionale conexe proiectului. Conferin\u021ba european\u0103 de \u00eencheiere a proiectului a fost organizat\u0103 pentru a facilita exploatarea pe termen lung a rezultatelor, g\u0103zduind exper\u021bi, savan\u021bi, asocia\u021bii, factori de decizie \u0219i reprezentan\u021bi ai autorit\u0103\u021bilor educa\u021bionale.<\/p>\n<\/div>\n<div class=\"buttons-outputs uk-margin-top\">\n<a href=\"https:\/\/prowproject.eu\/wp-content\/uploads\/2024\/04\/ProW_D6.3_Dissemination-Workshops-Report.pdf\" target=\"_blank\" class=\"uk-button uk-button-primary\">Ateliere de diseminare<br \/>\n<\/a><br \/>\n    <a href=\"https:\/\/prowproject.eu\/wp-content\/uploads\/2024\/04\/ProW_D6.4.-European-Conference-Report.pdf\" target=\"_blank\" class=\"uk-button uk-button-primary\">Conferin\u021b\u0103 European\u0103<br \/>\n<\/a>\n<\/div>\n<\/div>\n<\/li>\n<li>\n<h3>Pachetul de lucru 7<\/h3>\n<div>\n<div class=\"bg-panel uk-position-relative\">\n<div class=\"ill-out\"><\/div>\n<div class=\"t-up\"><\/div>\n<div class=\"t-down\"><\/div>\n<h5>Scalabilitatea politicii de dezvoltare<\/h5>\n<p>\u00a0Echipa de proiect va identifica \u0219i va m\u0103sura nevoile \u0219i capacit\u0103\u021bile de scalabilitate \u0219i durabilitate referitoare la politicile \u0219i practicile din fiecare \u021bar\u0103. Rezultatele vor fi apoi utilizate pentru dezvoltarea de orient\u0103ri politice \u0219i practice specifice fiec\u0103rui context. <\/p>\n<\/div>\n<div class=\"buttons-outputs uk-margin-top\">\n<a href=\"https:\/\/prowproject.eu\/wp-content\/uploads\/2024\/03\/D7.1.-Report-Executive-Summary-Final_RO.pdf\" target=\"_blank\" class=\"uk-button uk-button-primary\">Plan de exploatare, scalabilitate \u0219i recomand\u0103ri pentru politici<br \/>\n<\/a><br \/>\n    <a href=\"https:\/\/prowproject.eu\/wp-content\/uploads\/2024\/03\/D7.2.-Policy-Development-Workshops-Executive-Summary-Final_RO.pdf\" target=\"_blank\" class=\"uk-button uk-button-primary\">Workshop-uri pentru Dezvoltare de Politici<br \/>\n<\/a>\n<\/div>\n<\/div>\n<\/li>\n<li>\n<h3>Pachetul de lucru 8<\/h3>\n<div>\n<div class=\"bg-panel uk-position-relative\">\n<div class=\"ill-out\"><\/div>\n<div class=\"t-up\"><\/div>\n<div class=\"t-down\"><\/div>\n<h5>Observarea st\u0103rii de bine \u0219i a carierei profesorilor<\/h5>\n<p>Observarea st\u0103rii de bine \u0219i a carierei cadrelor didactice va facilita realizarea unei analize anuale \u0219i a unor cercet\u0103ri \u00een domeniu, precum \u0219i proiectarea \u0219i implementarea ini\u021biativelor \u0219i ac\u021biunilor de sprijinire a cadrelor didactice. <\/p>\n<\/div>\n<div class=\"buttons-outputs uk-margin-top\">\n<a class=\"uk-button uk-button-primary\" href=\"https:\/\/twco.prowproject.eu\/ro\/\" target=\"_blank\">Vizita\u021bi site-ul web<\/a><br \/>\n       <a class=\"uk-button uk-button-primary\" href=\"https:\/\/prowproject.eu\/wp-content\/uploads\/2024\/03\/D7.3.-Teacher-well-being-and-career-observatory_Summary_RO.pdf\" target=\"_blank\">Observatorul de bun\u0103stare \u0219i carier\u0103 a profesorilor<\/a>\n<\/div>\n<\/div>\n<\/li>\n<\/ul>\n<p><!--more--><br \/>\n<!-- {\"name\":\"outputs-deleteme\",\"type\":\"layout\",\"children\":[{\"type\":\"section\",\"props\":{\"style\":\"default\",\"width\":\"default\",\"vertical_align\":\"middle\",\"title_position\":\"top-left\",\"title_rotation\":\"left\",\"title_breakpoint\":\"xl\",\"image_position\":\"center-center\",\"animation\":\"slide-bottom\",\"animation_delay\":\"200\",\"padding_remove_top\":true},\"children\":[{\"type\":\"row\",\"children\":[{\"type\":\"column\",\"props\":{\"image_position\":\"center-center\",\"media_overlay_gradient\":\"\",\"position_sticky_breakpoint\":\"m\"},\"children\":[{\"type\":\"headline\",\"props\":{\"title_element\":\"h1\",\"content\":\"Rezultate\",\"title_style\":\"h1\"}},{\"type\":\"hd-timeline\",\"props\":{\"show_title\":true,\"show_meta\":true,\"show_content\":true,\"show_image\":true,\"show_link\":true,\"align_default\":\"right\",\"align_medium\":\"right-alternate\",\"title_hover_style\":\"reset\",\"title_element\":\"h3\",\"title_align\":\"top\",\"title_grid_width\":\"1-2\",\"title_grid_breakpoint\":\"m\",\"meta_style\":\"meta\",\"meta_align\":\"below-title\",\"meta_element\":\"div\",\"content_column_breakpoint\":\"m\",\"icon_width\":80,\"timeline_icon_width\":40,\"image_align\":\"top\",\"image_grid_width\":\"1-2\",\"image_grid_breakpoint\":\"m\",\"image_svg_color\":\"emphasis\",\"link_text\":\"Read more\",\"link_style\":\"default\",\"margin\":\"default\",\"item_animation\":true,\"line_color\":\"#666666\",\"timeline_icon_color\":\"\",\"timeline_icon_background\":\"rgba(255, 255, 255, 1)\",\"timeline_icon_border\":\"rgba(0, 0, 0, 0.1)\",\"item_margin\":\"\",\"align_small\":\"\",\"align_large\":\"\",\"align_xlarge\":\"\",\"css\":\".el-title {text-align:center; font-size:19px;}\\nh5 {font-size:18px; text-transform:capitalize;letter-spacing:0; color:#fff;}\\n.uk-button{color:#fff;}\"},\"children\":[{\"type\":\"hd-timeline_item\",\"props\":{\"title\":\"Pachetul de lucru 1\",\"content\":\"\n\n<div class=\\\"bg-panel uk-position-relative\\\">\\n\n\n<div class=\\\"ill-out\\\"><\\\/div>\\n\n\n<div class=\\\"t-up\\\"><\\\/div>\\n\n\n<div class=\\\"t-down\\\"><\\\/div>\\n\n\n<h5>Evaluarea nevoilor<\\\/h5>\\n\n\n<p>Consor\\u021biul a \\u00eentreprins o analiz\\u0103 de ultim\\u0103 or\\u0103 a literaturii \\u0219i a nevoilor din patru \\u021b\\u0103ri (Grecia, Cipru, Rom\\u00e2nia \\u0219i Portugalia) pentru a identifica \\u0219i evalua provoc\\u0103rile actuale privind cariera profesorilor, dezvoltarea profesional\\u0103 \\u0219i bun\\u0103starea acestora.<\\\/p>\\n<\\\/div>\\n\n\n<div class=\\\"buttons-outputs uk-margin-top\\\"><a href=\\\"https:\\\/\\\/prowproject.eu\\\/wp-content\\\/uploads\\\/2024\\\/03\\\/ProW_D1.1-State-of-the-art_Summary_RO.pdf\\\" target=\\\"_blank\\\" class=\\\"uk-button uk-button-primary\\\" rel=\\\"noopener\\\">Revizuirea literaturii<\\\/a> <a href=\\\"https:\\\/\\\/prowproject.eu\\\/wp-content\\\/uploads\\\/2024\\\/03\\\/summary_dissemination_D1_2_needs-assessment_final-RO.pdf\\\" target=\\\"_blank\\\" class=\\\"uk-button uk-button-primary\\\" rel=\\\"noopener\\\">Nevoile actuale<\\\/a><\\\/div>\",\"meta\":\"\"}},{\"type\":\"hd-timeline_item\",\"props\":{\"title\":\"Pachetul de lucru 2\",\"content\":\"\n\n<div class=\\\"bg-panel uk-position-relative\\\">\\n\n\n<div class=\\\"ill-out\\\"><\\\/div>\\n\n\n<div class=\\\"t-up\\\"><\\\/div>\\n\n\n<div class=\\\"t-down\\\"><\\\/div>\\n\n\n<h5>Protocolul experimental<\\\/h5>\\n\n\n<p>Partenerii de implementare vor stabili un cadru cuprinz\\u0103tor pentru implementarea metodologiilor \\u0219i abord\\u0103rilor Psihologiei Pozitive \\u0219i SWPBS \\u00een educa\\u021bia timpurie. Mai mult, ei vor forma o echip\\u0103 de traineri externi \\u00een fiecare \\u021bar\\u0103 care va dezvolta \\u0219i va oferi formare \\u0219i dezvoltare profesional\\u0103 profesorilor.<\\\/p>\\n<\\\/div>\\n\n\n<div class=\\\"buttons-outputs uk-margin-top\\\">\\n<a href=\\\"https:\\\/\\\/prowproject.eu\\\/wp-content\\\/uploads\\\/2024\\\/03\\\/Summary_D2_1_RO.pdf\\\" target=\\\"_blank\\\" class=\\\"uk-button uk-button-primary\\\">Design de interven\\u021bie<\\\/a>\\n<a href=\\\"https:\\\/\\\/prowproject.eu\\\/wp-content\\\/uploads\\\/2024\\\/03\\\/Summary-D2_2_RO.pdf\\\" target=\\\"_blank\\\" class=\\\"uk-button uk-button-primary\\\">Proiectarea cercet\\u0103rii \\u0219i m\\u0103suri<\\\/a>\\n    <a href=\\\"https:\\\/\\\/prowproject.eu\\\/wp-content\\\/uploads\\\/2024\\\/03\\\/Summary-2.3_-Romania.pdf\\\" target=\\\"_blank\\\" class=\\\"uk-button uk-button-primary\\\">Raport Pilot<\\\/a>\\n<\\\/div>\",\"meta\":\"\"}},{\"type\":\"hd-timeline_item\",\"props\":{\"title\":\"Pachetul de lucru 3\",\"content\":\"\n\n<div class=\\\"bg-panel uk-position-relative\\\">\\n\n\n<div class=\\\"ill-out\\\"><\\\/div>\\n\n\n<div class=\\\"t-up\\\"><\\\/div>\\n\n\n<div class=\\\"t-down\\\"><\\\/div>\\n\n\n<h5>Implementarea \\u00een unit\\u0103\\u021bile de \\u00eenv\\u0103\\u021b\\u0103m\\u00e2nt<\\\/h5>\\n\n\n<p>Proiectul ProW efectueaz\\u0103 cercet\\u0103ri de teren \\u00een cel pu\\u021bin 15 \\u0219coli din \\u021b\\u0103rile partenere. Profesorii se bucur\\u0103 de formare continu\\u0103 \\u0219i coaching pe toat\\u0103 durata implement\\u0103rii proiectuluii. Echipa de cercetare a proiectului va analiza datele ob\\u021binute din cercet\\u0103rile de teren \\u0219i va evalua eficacitatea interven\\u021biei.<\\\/p>\\n<\\\/div>\\n\n\n<div class=\\\"buttons-outputs uk-margin-top\\\">\\n<a href=\\\"https:\\\/\\\/prowproject.eu\\\/wp-content\\\/uploads\\\/2024\\\/03\\\/D3.1.-Executive-Summary-Implementation-of-the-fiels-of-trials.RO_.pdf\\\" target=\\\"_blank\\\" class=\\\"uk-button uk-button-primary\\\">Raport de Implementare<\\\/a>\\n    <a href=\\\"https:\\\/\\\/prowproject.eu\\\/wp-content\\\/uploads\\\/2024\\\/03\\\/D3.2.-Executive-summary_RO.pdf\\\" target=\\\"_blank\\\" class=\\\"uk-button uk-button-primary\\\">Raport cu privire la constat\\u0103ri<\\\/a>\\n<\\\/div>\",\"meta\":\"\"}},{\"type\":\"hd-timeline_item\",\"props\":{\"title\":\"Pachetul de lucru 4\",\"content\":\"\n\n<div class=\\\"bg-panel uk-position-relative\\\">\\n\n\n<div class=\\\"ill-out\\\"><\\\/div>\\n\n\n<div class=\\\"t-up\\\"><\\\/div>\\n\n\n<div class=\\\"t-down\\\"><\\\/div>\\n\n\n<h5>Platform\\u0103 digital\\u0103 \\u0219i eLearning<\\\/h5>\\n\n\n<p>Platforma digital\\u0103 conecteaz\\u0103 trainerii externi cu echipele \\u0219colare, dar \\u0219i cu colegii din cele patru \\u021b\\u0103ri. Platforma ofer\\u0103 module online pentru dezvoltarea profesional\\u0103 a cadrelor didactice, precum \\u0219i resurse de \\u00eenv\\u0103\\u021bare variate.<\\\/p>\\n<\\\/div>\\n\n\n<div class=\\\"buttons-outputs uk-margin-top\\\">\\n<a class=\\\"uk-button uk-button-primary\\\" href=\\\"https:\\\/\\\/elearning.prowproject.eu\\\/home.php\\\" target=\\\"_blank\\\">Platforma de elearning<\\\/a>\\n\\n<\\\/div>\",\"meta\":\"\"}},{\"type\":\"hd-timeline_item\",\"props\":{\"title\":\"Pachetul de lucru 5\",\"content\":\"\n\n<div class=\\\"bg-panel uk-position-relative\\\">\\n\n\n<div class=\\\"ill-out\\\"><\\\/div>\\n\n\n<div class=\\\"t-up\\\"><\\\/div>\\n\n\n<div class=\\\"t-down\\\"><\\\/div>\\n\n\n<h5>\\u00cenv\\u0103\\u021bare mobil\\u0103<\\\/h5>\\n\n\n<p>\\n    Aplica\\u021bia ProW Mobile Learning este un instrument educa\\u021bional pentru \\u0219coli pentru a promova \\u00eenv\\u0103\\u021barea continu\\u0103 \\u0219i a sprijini ideile \\u0219i principiile proiectului, disponibil\\u0103 pentru platformele mobile (Android \\u0219i iOS). Sunt incluse sfaturi practice \\u0219i recomand\\u0103ri pentru implementarea abord\\u0103rii ProW. Aplica\\u021bia mobil\\u0103 urm\\u0103re\\u0219te s\\u0103 familiarizeze personalul \\u0219colii cu PERMA \\u0219i SWPBS pentru implementarea cu fidelitate a cadrului ProW.\\n    <\\\/p>\\n<\\\/div>\\n\n\n<div class=\\\"buttons-outputs uk-margin-top\\\">\\n<a class=\\\"uk-button uk-button-primary\\\" href=\\\"https:\\\/\\\/play.google.com\\\/store\\\/apps\\\/details?id=com.prowproject.app2409692\\\" target=\\\"_blank\\\">Android<\\\/a>\\n    <a class=\\\"uk-button uk-button-primary\\\" href=\\\"https:\\\/\\\/apps.apple.com\\\/app\\\/prow\\\/id1662880307\\\" target=\\\"_blank\\\">IOs<\\\/a>\\n<\\\/div>\",\"meta\":\"\"}},{\"type\":\"hd-timeline_item\",\"props\":{\"title\":\"Pachetul de lucru 6\",\"content\":\"\n\n<div class=\\\"bg-panel uk-position-relative\\\">\\n    \n\n<div class=\\\"ill-out\\\"><\\\/div>\\n    \n\n<div class=\\\"t-up\\\"><\\\/div>\\n    \n\n<div class=\\\"t-down\\\"><\\\/div>\\n\n\n<h5>Ateliere de diseminare<\\\/h5>\\n\n\n<p>Atelierele de diseminare au prezentat p\\u0103r\\u021bilor interesate scopul \\u0219i obiectivele proiectului, iar participan\\u021bii s-au implicat \\u00een diverse activit\\u0103\\u021bi educa\\u021bionale conexe proiectului. Conferin\\u021ba european\\u0103 de \\u00eencheiere a proiectului a fost organizat\\u0103 pentru a facilita exploatarea pe termen lung a rezultatelor, g\\u0103zduind exper\\u021bi, savan\\u021bi, asocia\\u021bii, factori de decizie \\u0219i reprezentan\\u021bi ai autorit\\u0103\\u021bilor educa\\u021bionale.<\\\/p>\\n<\\\/div>\\n\n\n<div class=\\\"buttons-outputs uk-margin-top\\\">\\n<a href=\\\"https:\\\/\\\/prowproject.eu\\\/wp-content\\\/uploads\\\/2024\\\/04\\\/ProW_D6.3_Dissemination-Workshops-Report.pdf\\\" target=\\\"_blank\\\" class=\\\"uk-button uk-button-primary\\\">Ateliere de diseminare\\n<\\\/a>\\n    <a href=\\\"https:\\\/\\\/prowproject.eu\\\/wp-content\\\/uploads\\\/2024\\\/04\\\/ProW_D6.4.-European-Conference-Report.pdf\\\" target=\\\"_blank\\\" class=\\\"uk-button uk-button-primary\\\">Conferin\\u021b\\u0103 European\\u0103\\n<\\\/a>\\n<\\\/div>\",\"meta\":\"\"}},{\"type\":\"hd-timeline_item\",\"props\":{\"title\":\"Pachetul de lucru 7\",\"content\":\"\n\n<div class=\\\"bg-panel uk-position-relative\\\">\\n\n\n<div class=\\\"ill-out\\\"><\\\/div>\\n\n\n<div class=\\\"t-up\\\"><\\\/div>\\n\n\n<div class=\\\"t-down\\\"><\\\/div>\\n\n\n<h5>Scalabilitatea politicii de dezvoltare<\\\/h5>\\n\n\n<p>\\u00a0Echipa de proiect va identifica \\u0219i va m\\u0103sura nevoile \\u0219i capacit\\u0103\\u021bile de scalabilitate \\u0219i durabilitate referitoare la politicile \\u0219i practicile din fiecare \\u021bar\\u0103. Rezultatele vor fi apoi utilizate pentru dezvoltarea de orient\\u0103ri politice \\u0219i practice specifice fiec\\u0103rui context. <\\\/p>\\n<\\\/div>\\n\n\n<div class=\\\"buttons-outputs uk-margin-top\\\">\\n<a href=\\\"https:\\\/\\\/prowproject.eu\\\/wp-content\\\/uploads\\\/2024\\\/03\\\/D7.1.-Report-Executive-Summary-Final_RO.pdf\\\" target=\\\"_blank\\\" class=\\\"uk-button uk-button-primary\\\">Plan de exploatare, scalabilitate \\u0219i recomand\\u0103ri pentru politici\\n<\\\/a>\\n    <a href=\\\"https:\\\/\\\/prowproject.eu\\\/wp-content\\\/uploads\\\/2024\\\/03\\\/D7.2.-Policy-Development-Workshops-Executive-Summary-Final_RO.pdf\\\" target=\\\"_blank\\\" class=\\\"uk-button uk-button-primary\\\">Workshop-uri pentru Dezvoltare de Politici\\n<\\\/a>\\n<\\\/div>\",\"meta\":\"\"}},{\"type\":\"hd-timeline_item\",\"props\":{\"title\":\"Pachetul de lucru 8\",\"content\":\"\n\n<div class=\\\"bg-panel uk-position-relative\\\">\\n\n\n<div class=\\\"ill-out\\\"><\\\/div>\\n\n\n<div class=\\\"t-up\\\"><\\\/div>\\n\n\n<div class=\\\"t-down\\\"><\\\/div>\\n\n\n<h5>Observarea st\\u0103rii de bine \\u0219i a carierei profesorilor<\\\/h5>\\n\n\n<p>Observarea st\\u0103rii de bine \\u0219i a carierei cadrelor didactice va facilita realizarea unei analize anuale \\u0219i a unor cercet\\u0103ri \\u00een domeniu, precum \\u0219i proiectarea \\u0219i implementarea ini\\u021biativelor \\u0219i ac\\u021biunilor de sprijinire a cadrelor didactice. <\\\/p>\\n<\\\/div>\\n\n\n<div class=\\\"buttons-outputs uk-margin-top\\\">\\n<a class=\\\"uk-button uk-button-primary\\\" href=\\\"https:\\\/\\\/twco.prowproject.eu\\\/ro\\\/\\\" target=\\\"_blank\\\">Vizita\\u021bi site-ul web<\\\/a>\\n       <a class=\\\"uk-button uk-button-primary\\\" href=\\\"https:\\\/\\\/prowproject.eu\\\/wp-content\\\/uploads\\\/2024\\\/03\\\/D7.3.-Teacher-well-being-and-career-observatory_Summary_RO.pdf\\\" target=\\\"_blank\\\">Observatorul de bun\\u0103stare \\u0219i carier\\u0103 a profesorilor<\\\/a>\\n<\\\/div>\",\"meta\":\"\"}}]},{\"type\":\"module\",\"props\":{\"menu_style\":\"nav\",\"widget\":\"custom_html-6\",\"type\":\"custom_html\",\"text_align\":\"center\"}}]}]}]}],\"version\":\"2.7.22\"} --><\/p>\n","protected":false},"excerpt":{"rendered":"<p>Rezultate Pachetul de lucru 1 Evaluarea nevoilor Consor\u021biul a \u00eentreprins o analiz\u0103 de ultim\u0103 or\u0103 a literaturii \u0219i a nevoilor&#8230;<\/p>\n","protected":false},"author":1,"featured_media":0,"parent":0,"menu_order":0,"comment_status":"closed","ping_status":"closed","template":"","meta":{"footnotes":""},"class_list":["post-613","page","type-page","status-publish","hentry"],"_links":{"self":[{"href":"https:\/\/prowproject.eu\/ro\/wp-json\/wp\/v2\/pages\/613","targetHints":{"allow":["GET"]}}],"collection":[{"href":"https:\/\/prowproject.eu\/ro\/wp-json\/wp\/v2\/pages"}],"about":[{"href":"https:\/\/prowproject.eu\/ro\/wp-json\/wp\/v2\/types\/page"}],"author":[{"embeddable":true,"href":"https:\/\/prowproject.eu\/ro\/wp-json\/wp\/v2\/users\/1"}],"replies":[{"embeddable":true,"href":"https:\/\/prowproject.eu\/ro\/wp-json\/wp\/v2\/comments?post=613"}],"version-history":[{"count":21,"href":"https:\/\/prowproject.eu\/ro\/wp-json\/wp\/v2\/pages\/613\/revisions"}],"predecessor-version":[{"id":2282,"href":"https:\/\/prowproject.eu\/ro\/wp-json\/wp\/v2\/pages\/613\/revisions\/2282"}],"wp:attachment":[{"href":"https:\/\/prowproject.eu\/ro\/wp-json\/wp\/v2\/media?parent=613"}],"curies":[{"name":"wp","href":"https:\/\/api.w.org\/{rel}","templated":true}]}}